{"id":50,"date":"2024-04-01T18:36:40","date_gmt":"2024-04-01T16:36:40","guid":{"rendered":"https:\/\/pelmel-chalon.fr\/?page_id=50"},"modified":"2024-08-06T18:50:29","modified_gmt":"2024-08-06T16:50:29","slug":"presentation","status":"publish","type":"page","link":"https:\/\/pelmel-chalon.fr\/index.php\/presentation\/","title":{"rendered":"Pr\u00e9sentation de l&rsquo;association"},"content":{"rendered":"\n<ul id=\"menupresentation\" class=\"wp-block-list has-white-background-color has-background\">\n<li><a href=\"#public\">Public concern\u00e9<\/a><\/li>\n\n\n\n<li><a href=\"#missions\">Nos missions<\/a><\/li>\n\n\n\n<li><a href=\"#moyens\">Moyens humains<\/a><\/li>\n\n\n\n<li><a href=\"#accompagnement\">Accompagnement<\/a><\/li>\n\n\n\n<li><a href=\"#pourquoi\">Pourquoi viennent-ils ? <em>T\u00e9moignages<\/em><\/a><\/li>\n<\/ul>\n\n\n\n<h3 class=\"wp-block-heading\" id=\"public\">Public concern\u00e9<\/h3>\n\n\n\n<p>L\u2019association PEL\u2019MEL propose \u00e0 des adultes en difficult\u00e9 avec la langue fran\u00e7aise et les savoirs de base d\u2019apprendre ou de r\u00e9apprendre \u00e0 lire, \u00e9crire et compter pour \u00eatre autonomes dans les situations courantes de la vie familiale, professionnelle et citoyenne. <br><br>On parle d\u2019<strong><em>illettrisme<\/em><\/strong> pour des personnes qui, apr\u00e8s avoir \u00e9t\u00e9 scolaris\u00e9es en France, n\u2019ont pas acquis une ma\u00eetrise suffisante de la lecture, de l\u2019\u00e9criture et du calcul.<br><br>On parle d\u2019<strong><em>analphab\u00e9tisme<\/em><\/strong> pour d\u00e9signer des personnes qui n\u2019ont jamais \u00e9t\u00e9 scolaris\u00e9es.<br><br>On parle de <em>\u00ab\u00a0<strong>fran\u00e7ais langue \u00e9trang\u00e8re<\/strong>\u00ab\u00a0<\/em> (FLE) pour les nouveaux arrivants en France, pays dont ils ne parlent pas la langue.<\/p>\n\n\n\n<div class=\"wp-block-buttons is-content-justification-right is-layout-flex wp-container-core-buttons-is-layout-765c4724 wp-block-buttons-is-layout-flex\">\n<div class=\"wp-block-button has-custom-width wp-block-button__width-25 has-custom-font-size is-style-fill has-small-font-size\"><a class=\"wp-block-button__link has-dark-gray-color has-light-blue-background-color has-text-color has-background has-link-color has-text-align-center wp-element-button\" href=\"#menupresentation\" style=\"border-radius:5px\"><mark style=\"background-color:rgba(0, 0, 0, 0)\" class=\"has-inline-color has-dark-gray-color\">\u25b2\u25b2<\/mark><\/a><\/div>\n<\/div>\n\n\n\n<h3 class=\"wp-block-heading\" id=\"missions\">Nos missions<\/h3>\n\n\n\n<p>Aider des personnes en difficult\u00e9 avec l\u2019\u00e9crit et la langue fran\u00e7aise \u00e0 acqu\u00e9rir les savoirs de base pour \u00eatre autonomes dans leur vie quotidienne.<br><br>Leur permettre de s\u2019int\u00e9grer socialement et professionnellement.<br><br>Leur permettre de se sentir \u00e0 l\u2019aise et consid\u00e9r\u00e9.<br><br>Les accompagner <strong>individuellement<\/strong> pour les amener progressivement vers des actions de formation collective.<br><br>Les accompagner dans la dur\u00e9e car il s\u2019agit d\u2019un travail de longue haleine.<br><br>Les valoriser, les remotiver, les stimuler pour \u00e9viter le d\u00e9couragement.<br><br>Leur redonner l\u2019envie et le plaisir d\u2019apprendre.<br><br>Favoriser l\u2019acc\u00e8s \u00e0 la culture en changeant les a priori qui supposent que la culture n\u2019est r\u00e9serv\u00e9e qu\u2019\u00e0 une \u00e9lite.<br><br>Utiliser la culture comme levier d\u2019apprentissage de la langue fran\u00e7aise.<\/p>\n\n\n\n<div class=\"wp-block-buttons is-content-justification-right is-layout-flex wp-container-core-buttons-is-layout-765c4724 wp-block-buttons-is-layout-flex\">\n<div class=\"wp-block-button has-custom-width wp-block-button__width-25 has-custom-font-size is-style-fill has-small-font-size\"><a class=\"wp-block-button__link has-dark-gray-color has-light-blue-background-color has-text-color has-background has-link-color has-text-align-center wp-element-button\" href=\"#menupresentation\" style=\"border-radius:5px\"><mark style=\"background-color:rgba(0, 0, 0, 0)\" class=\"has-inline-color has-dark-gray-color\">\u25b2\u25b2<\/mark><\/a><\/div>\n<\/div>\n\n\n\n<h3 class=\"wp-block-heading\" id=\"moyens\">Moyens humains<\/h3>\n\n\n\n<p>L\u2019\u00e9quipe est form\u00e9e de 50 b\u00e9n\u00e9voles (retrait\u00e9s et actifs), r\u00e9guli\u00e8rement form\u00e9s, issus de milieux professionnels diff\u00e9rents ce qui fait notre richesse.<br><br>Apr\u00e8s un entretien individuel avec un responsable de l\u2019association, chaque b\u00e9n\u00e9vole observe des bin\u00f4mes en activit\u00e9 avant de s\u2019\u2019engager d\u00e9finitivement.<\/p>\n\n\n\n<div class=\"wp-block-buttons is-content-justification-right is-nowrap is-layout-flex wp-container-core-buttons-is-layout-f5f3ae2a wp-block-buttons-is-layout-flex\">\n<div class=\"wp-block-button has-custom-width wp-block-button__width-25 has-custom-font-size is-style-fill has-small-font-size\"><a class=\"wp-block-button__link has-dark-gray-color has-light-blue-background-color has-text-color has-background has-link-color has-text-align-center wp-element-button\" href=\"#menupresentation\" style=\"border-radius:5px\"><mark style=\"background-color:rgba(0, 0, 0, 0)\" class=\"has-inline-color has-dark-gray-color\">\u25b2\u25b2<\/mark><\/a><\/div>\n<\/div>\n\n\n\n<h3 class=\"wp-block-heading\" id=\"accompagnement\">Accompagnement<\/h3>\n\n\n\n<p>L\u2019accompagnement est gratuit et individualis\u00e9 (un b\u00e9n\u00e9vole \/un apprenant) \u00e0 raison de deux \u00e0 trois heures par semaine, en fonction des disponibilit\u00e9s de chacun.<br><br>Les projets p\u00e9dagogiques sont adapt\u00e9s aux besoins sp\u00e9cifiques des apprenants.<br><br>La mission du b\u00e9n\u00e9vole consiste \u00e9galement \u00e0 mettre en valeur l\u2019ensemble des ressources de l\u2019apprenant.<br><br>Un atelier collectif est organis\u00e9 chaque mardi apr\u00e8s-midi, pour ceux qui le souhaitent, pour privil\u00e9gier l\u2019oral et les \u00e9changes culturels.<br><br>Une f\u00eate annuelle r\u00e9unit tous les b\u00e9n\u00e9voles, les apprenants et leurs familles pour un moment de partage festif.<br><br>Un journal relate les exp\u00e9riences et les r\u00e9ussites de chacun.<br><br>L\u2019accompagnement est renouvelable chaque ann\u00e9e en fonction des progr\u00e8s, des attentes et de la motivation.<br><br>Les entr\u00e9es et sorties sont permanentes.<\/p>\n\n\n\n<div class=\"wp-block-buttons is-content-justification-right is-nowrap is-layout-flex wp-container-core-buttons-is-layout-f5f3ae2a wp-block-buttons-is-layout-flex\">\n<div class=\"wp-block-button has-custom-width wp-block-button__width-25 has-custom-font-size is-style-fill has-small-font-size\"><a class=\"wp-block-button__link has-dark-gray-color has-light-blue-background-color has-text-color has-background has-link-color has-text-align-center wp-element-button\" href=\"#menupresentation\" style=\"border-radius:5px\"><mark style=\"background-color:rgba(0, 0, 0, 0)\" class=\"has-inline-color has-dark-gray-color\">\u25b2\u25b2<\/mark><\/a><\/div>\n<\/div>\n\n\n\n<h3 class=\"wp-block-heading\" id=\"pourquoi\">Pourquoi viennent-ils ? <em>T\u00e9moignages<\/em><\/h3>\n\n\n\n<blockquote class=\"wp-block-quote is-layout-flow wp-block-quote-is-layout-flow\">\n<p class=\"has-dark-gray-color has-white-background-color has-text-color has-background has-link-color wp-elements-29fda09e9f533f7c57743de543d1ed16\">Je n\u2019ose pas \u00e9crire \u00e0 la ma\u00eetresse, je fais trop de fautes.<\/p>\n<\/blockquote>\n\n\n\n<blockquote class=\"wp-block-quote is-layout-flow wp-block-quote-is-layout-flow\">\n<p class=\"has-dark-gray-color has-white-background-color has-text-color has-background has-link-color wp-elements-a9ff7f7bb667483a36ff5efb20e790f7\">Je ne comprends pas les consignes du cahier de liaison de mes enfants.<\/p>\n<\/blockquote>\n\n\n\n<blockquote class=\"wp-block-quote is-layout-flow wp-block-quote-is-layout-flow\">\n<p class=\"has-dark-gray-color has-white-background-color has-text-color has-background has-link-color wp-elements-16b433e74d398724f0ee9a6abc2e4918\">Je voudrais progresser dans mon travail mais j\u2019ai \u00e9chou\u00e9 aux tests.<\/p>\n<\/blockquote>\n\n\n\n<blockquote class=\"wp-block-quote is-layout-flow wp-block-quote-is-layout-flow\">\n<p class=\"has-dark-gray-color has-white-background-color has-text-color has-background has-link-color wp-elements-eb444d6bef0c82a9a01bacfab21087b6\">Je ne peux pas aller seule chez le m\u00e9decin, je ne comprends pas ce qu\u2019il m\u2019explique.<\/p>\n<\/blockquote>\n\n\n\n<blockquote class=\"wp-block-quote is-layout-flow wp-block-quote-is-layout-flow\">\n<p class=\"has-dark-gray-color has-white-background-color has-text-color has-background has-link-color wp-elements-b5413f8c58bce2e1f02c865da3732322\">Je voudrais passer le permis de conduire.<\/p>\n<\/blockquote>\n\n\n\n<blockquote class=\"wp-block-quote is-layout-flow wp-block-quote-is-layout-flow\">\n<p class=\"has-dark-gray-color has-white-background-color has-text-color has-background has-link-color wp-elements-ace9e28627782dd26241b7a8892b8044\">Je voudrais lire des histoires \u00e0 mes petits enfants.<\/p>\n<\/blockquote>\n\n\n\n<blockquote class=\"wp-block-quote is-layout-flow wp-block-quote-is-layout-flow\">\n<p class=\"has-dark-gray-color has-white-background-color has-text-color has-background has-link-color wp-elements-61fe2960f1a8b1753fca68e2211ef6ec\">Je voudrais utiliser un ordinateur.<\/p>\n<\/blockquote>\n\n\n\n<div class=\"wp-block-buttons has-custom-font-size has-small-font-size is-content-justification-right is-layout-flex wp-container-core-buttons-is-layout-765c4724 wp-block-buttons-is-layout-flex\">\n<div class=\"wp-block-button has-custom-width wp-block-button__width-25 has-custom-font-size is-style-fill has-small-font-size\"><a class=\"wp-block-button__link has-dark-gray-color has-light-blue-background-color has-text-color has-background has-link-color has-text-align-center wp-element-button\" href=\"#menupresentation\" style=\"border-radius:5px\"><mark style=\"background-color:rgba(0, 0, 0, 0)\" class=\"has-inline-color has-dark-gray-color\">\u25b2\u25b2<\/mark><\/a><\/div>\n<\/div>\n","protected":false},"excerpt":{"rendered":"<p>Public concern\u00e9 L\u2019association PEL\u2019MEL propose \u00e0 des adultes en difficult\u00e9 avec la langue fran\u00e7aise et les savoirs de base d\u2019apprendre ou de r\u00e9apprendre \u00e0 lire, \u00e9crire et compter pour \u00eatre autonomes dans les situations courantes de la vie familiale, professionnelle et citoyenne. On parle d\u2019illettrisme pour des personnes qui, apr\u00e8s avoir \u00e9t\u00e9 scolaris\u00e9es en France, &hellip; <a href=\"https:\/\/pelmel-chalon.fr\/index.php\/presentation\/\" class=\"more-link\">Continuer la lecture<span class=\"screen-reader-text\"> de &laquo;&nbsp;Pr\u00e9sentation de l&rsquo;association&nbsp;&raquo;<\/span><\/a><\/p>\n","protected":false},"author":1,"featured_media":0,"parent":0,"menu_order":0,"comment_status":"closed","ping_status":"closed","template":"","meta":{"footnotes":""},"class_list":["post-50","page","type-page","status-publish","hentry"],"_links":{"self":[{"href":"https:\/\/pelmel-chalon.fr\/index.php\/wp-json\/wp\/v2\/pages\/50","targetHints":{"allow":["GET"]}}],"collection":[{"href":"https:\/\/pelmel-chalon.fr\/index.php\/wp-json\/wp\/v2\/pages"}],"about":[{"href":"https:\/\/pelmel-chalon.fr\/index.php\/wp-json\/wp\/v2\/types\/page"}],"author":[{"embeddable":true,"href":"https:\/\/pelmel-chalon.fr\/index.php\/wp-json\/wp\/v2\/users\/1"}],"replies":[{"embeddable":true,"href":"https:\/\/pelmel-chalon.fr\/index.php\/wp-json\/wp\/v2\/comments?post=50"}],"version-history":[{"count":80,"href":"https:\/\/pelmel-chalon.fr\/index.php\/wp-json\/wp\/v2\/pages\/50\/revisions"}],"predecessor-version":[{"id":469,"href":"https:\/\/pelmel-chalon.fr\/index.php\/wp-json\/wp\/v2\/pages\/50\/revisions\/469"}],"wp:attachment":[{"href":"https:\/\/pelmel-chalon.fr\/index.php\/wp-json\/wp\/v2\/media?parent=50"}],"curies":[{"name":"wp","href":"https:\/\/api.w.org\/{rel}","templated":true}]}}